{"id":132,"date":"2019-05-02T15:25:13","date_gmt":"2019-05-02T13:25:13","guid":{"rendered":"http:\/\/151.80.88.73\/touraine-montgolfiere.fr\/?page_id=132"},"modified":"2025-04-30T12:25:04","modified_gmt":"2025-04-30T10:25:04","slug":"equipe-nos-pilotes","status":"publish","type":"page","link":"https:\/\/www.touraine-montgolfiere.fr\/es\/la-compagnie\/equipe-nos-pilotes\/","title":{"rendered":"El equipo Touraine Montgolfi\u00e8re"},"content":{"rendered":"\t\t<div data-elementor-type=\"wp-post\" data-elementor-id=\"132\" class=\"elementor elementor-132\">\n\t\t\t\t\t\t<div class=\"elementor-inner\">\n\t\t\t\t<div class=\"elementor-section-wrap\">\n\t\t\t\t\t\t\t\t\t<section class=\"elementor-section elementor-top-section elementor-element elementor-element-e2330bf elementor-section-boxed elementor-section-height-default elementor-section-height-default\" data-id=\"e2330bf\" data-element_type=\"section\">\n\t\t\t\t\t\t<div class=\"elementor-container elementor-column-gap-default\">\n\t\t\t\t\t\t\t<div class=\"elementor-row\">\n\t\t\t\t\t<div class=\"elementor-column elementor-col-100 elementor-top-column elementor-element elementor-element-efe14a5\" data-id=\"efe14a5\" data-element_type=\"column\">\n\t\t\t<div class=\"elementor-column-wrap elementor-element-populated\">\n\t\t\t\t\t\t\t<div class=\"elementor-widget-wrap\">\n\t\t\t\t\t\t<div class=\"elementor-element elementor-element-0a3d31b elementor-widget elementor-widget-image\" data-id=\"0a3d31b\" data-element_type=\"widget\" data-widget_type=\"image.default\">\n\t\t\t\t<div class=\"elementor-widget-container\">\n\t\t\t\t\t\t\t\t<div class=\"elementor-image\">\n\t\t\t\t\t\t\t\t\t\t\t\t<img loading=\"lazy\" decoding=\"async\" width=\"1920\" height=\"1152\" src=\"https:\/\/www.touraine-montgolfiere.fr\/wp-content\/uploads\/2019\/05\/equipe-touraine-montgolfiere.jpg\" class=\"attachment-full size-full\" alt=\"equipe touraine montgolfi\u00e8re\" srcset=\"https:\/\/www.touraine-montgolfiere.fr\/wp-content\/uploads\/2019\/05\/equipe-touraine-montgolfiere.jpg 1920w, https:\/\/www.touraine-montgolfiere.fr\/wp-content\/uploads\/2019\/05\/equipe-touraine-montgolfiere-600x360.jpg 600w, https:\/\/www.touraine-montgolfiere.fr\/wp-content\/uploads\/2019\/05\/equipe-touraine-montgolfiere-300x180.jpg 300w, https:\/\/www.touraine-montgolfiere.fr\/wp-content\/uploads\/2019\/05\/equipe-touraine-montgolfiere-768x461.jpg 768w, https:\/\/www.touraine-montgolfiere.fr\/wp-content\/uploads\/2019\/05\/equipe-touraine-montgolfiere-1024x614.jpg 1024w\" sizes=\"auto, (max-width: 1920px) 100vw, 1920px\" \/>\t\t\t\t\t\t\t\t\t\t\t\t\t\t<\/div>\n\t\t\t\t\t\t<\/div>\n\t\t\t\t<\/div>\n\t\t\t\t\t\t<\/div>\n\t\t\t\t\t<\/div>\n\t\t<\/div>\n\t\t\t\t\t\t\t\t<\/div>\n\t\t\t\t\t<\/div>\n\t\t<\/section>\n\t\t\t\t<section class=\"elementor-section elementor-top-section elementor-element elementor-element-880c572 elementor-section-boxed elementor-section-height-default elementor-section-height-default\" data-id=\"880c572\" data-element_type=\"section\">\n\t\t\t\t\t\t<div class=\"elementor-container elementor-column-gap-default\">\n\t\t\t\t\t\t\t<div class=\"elementor-row\">\n\t\t\t\t\t<div class=\"elementor-column elementor-col-100 elementor-top-column elementor-element elementor-element-c73a888\" data-id=\"c73a888\" data-element_type=\"column\">\n\t\t\t<div class=\"elementor-column-wrap elementor-element-populated\">\n\t\t\t\t\t\t\t<div class=\"elementor-widget-wrap\">\n\t\t\t\t\t\t<div class=\"elementor-element elementor-element-7f08cff elementor-widget elementor-widget-text-editor\" data-id=\"7f08cff\" data-element_type=\"widget\" data-widget_type=\"text-editor.default\">\n\t\t\t\t<div class=\"elementor-widget-container\">\n\t\t\t\t\t\t\t\t<div class=\"elementor-text-editor elementor-clearfix\">\n\t\t\t\t\n<h1>Del cokpit a la barquilla&#8230;<\/h1>\n\t\t\t\t\t<\/div>\n\t\t\t\t\t\t<\/div>\n\t\t\t\t<\/div>\n\t\t\t\t\t\t<\/div>\n\t\t\t\t\t<\/div>\n\t\t<\/div>\n\t\t\t\t\t\t\t\t<\/div>\n\t\t\t\t\t<\/div>\n\t\t<\/section>\n\t\t\t\t<section class=\"elementor-section elementor-top-section elementor-element elementor-element-16bc3d7 elementor-section-boxed elementor-section-height-default elementor-section-height-default\" data-id=\"16bc3d7\" data-element_type=\"section\">\n\t\t\t\t\t\t<div class=\"elementor-container elementor-column-gap-default\">\n\t\t\t\t\t\t\t<div class=\"elementor-row\">\n\t\t\t\t\t<div class=\"elementor-column elementor-col-100 elementor-top-column elementor-element elementor-element-818bf52\" data-id=\"818bf52\" data-element_type=\"column\">\n\t\t\t<div class=\"elementor-column-wrap elementor-element-populated\">\n\t\t\t\t\t\t\t<div class=\"elementor-widget-wrap\">\n\t\t\t\t\t\t<div class=\"elementor-element elementor-element-cec0fe3 elementor-widget elementor-widget-text-editor\" data-id=\"cec0fe3\" data-element_type=\"widget\" data-widget_type=\"text-editor.default\">\n\t\t\t\t<div class=\"elementor-widget-container\">\n\t\t\t\t\t\t\t\t<div class=\"elementor-text-editor elementor-clearfix\">\n\t\t\t\t\t\t\t\t\t<\/div>\n\t\t\t\t\t\t<\/div>\n\t\t\t\t<\/div>\n\t\t\t\t\t\t<\/div>\n\t\t\t\t\t<\/div>\n\t\t<\/div>\n\t\t\t\t\t\t\t\t<\/div>\n\t\t\t\t\t<\/div>\n\t\t<\/section>\n\t\t\t\t<section class=\"elementor-section elementor-top-section elementor-element elementor-element-b0afca8 elementor-section-boxed elementor-section-height-default elementor-section-height-default\" data-id=\"b0afca8\" data-element_type=\"section\">\n\t\t\t\t\t\t<div class=\"elementor-container elementor-column-gap-default\">\n\t\t\t\t\t\t\t<div class=\"elementor-row\">\n\t\t\t\t\t<div class=\"elementor-column elementor-col-33 elementor-top-column elementor-element elementor-element-dedd2c1\" data-id=\"dedd2c1\" data-element_type=\"column\">\n\t\t\t<div class=\"elementor-column-wrap elementor-element-populated\">\n\t\t\t\t\t\t\t<div class=\"elementor-widget-wrap\">\n\t\t\t\t\t\t<div class=\"elementor-element elementor-element-5eed740 elementor-widget elementor-widget-text-editor\" data-id=\"5eed740\" data-element_type=\"widget\" data-widget_type=\"text-editor.default\">\n\t\t\t\t<div class=\"elementor-widget-container\">\n\t\t\t\t\t\t\t\t<div class=\"elementor-text-editor elementor-clearfix\">\n\t\t\t\t<p><\/p><h2>Franck<\/h2><p>Patentado pilota de planeador a la edad de 17 a\u00f1os, Franck integra luego la Escuela de Pilotaje del Ej\u00e9rcito del Aire. Efect\u00faa primeramente a la formaci\u00f3n de piloto de combate luego prosigue, en la vida civil, como piloto de trabajo a\u00e9reo para Klaus Ohlmann, especialista del vuelo planeador extremo con 8 r\u00e9cords del mundo.<br \/>Paralelamente practica el a\u00e9rostation en ocio con Dominique. Deseando hacer el globo aerost\u00e1tico su oficio, Franck va a aliarle su experiencia a la de Dominique con el fin de desarrollar la sociedad Touraine Montgolfi\u00e8re \u00ae.<\/p><p>Cualificado instructor todo tipo de balones, totaliza hoy 4000 horas y celebra sus 30 a\u00f1os como comandante de a bordo.<\/p><p><\/p>\t\t\t\t\t<\/div>\n\t\t\t\t\t\t<\/div>\n\t\t\t\t<\/div>\n\t\t\t\t\t\t<\/div>\n\t\t\t\t\t<\/div>\n\t\t<\/div>\n\t\t\t\t<div class=\"elementor-column elementor-col-33 elementor-top-column elementor-element elementor-element-57452f6\" data-id=\"57452f6\" data-element_type=\"column\">\n\t\t\t<div class=\"elementor-column-wrap\">\n\t\t\t\t\t\t\t<div class=\"elementor-widget-wrap\">\n\t\t\t\t\t\t\t\t<\/div>\n\t\t\t\t\t<\/div>\n\t\t<\/div>\n\t\t\t\t<div class=\"elementor-column elementor-col-33 elementor-top-column elementor-element elementor-element-9d26018\" data-id=\"9d26018\" data-element_type=\"column\">\n\t\t\t<div class=\"elementor-column-wrap elementor-element-populated\">\n\t\t\t\t\t\t\t<div class=\"elementor-widget-wrap\">\n\t\t\t\t\t\t<div class=\"elementor-element elementor-element-6858b66 elementor-widget elementor-widget-image\" data-id=\"6858b66\" data-element_type=\"widget\" data-widget_type=\"image.default\">\n\t\t\t\t<div class=\"elementor-widget-container\">\n\t\t\t\t\t\t\t\t<div class=\"elementor-image\">\n\t\t\t\t\t\t\t\t\t\t\t\t<img loading=\"lazy\" decoding=\"async\" width=\"524\" height=\"680\" src=\"https:\/\/www.touraine-montgolfiere.fr\/wp-content\/uploads\/2020\/07\/Franck-Cousin-pilote-montgolfiere.jpg\" class=\"attachment-full size-full\" alt=\"Franck Cousin\" srcset=\"https:\/\/www.touraine-montgolfiere.fr\/wp-content\/uploads\/2020\/07\/Franck-Cousin-pilote-montgolfiere.jpg 524w, https:\/\/www.touraine-montgolfiere.fr\/wp-content\/uploads\/2020\/07\/Franck-Cousin-pilote-montgolfiere-231x300.jpg 231w, https:\/\/www.touraine-montgolfiere.fr\/wp-content\/uploads\/2020\/07\/Franck-Cousin-pilote-montgolfiere-500x649.jpg 500w\" sizes=\"auto, (max-width: 524px) 100vw, 524px\" \/>\t\t\t\t\t\t\t\t\t\t\t\t\t\t<\/div>\n\t\t\t\t\t\t<\/div>\n\t\t\t\t<\/div>\n\t\t\t\t\t\t<\/div>\n\t\t\t\t\t<\/div>\n\t\t<\/div>\n\t\t\t\t\t\t\t\t<\/div>\n\t\t\t\t\t<\/div>\n\t\t<\/section>\n\t\t\t\t<section class=\"elementor-section elementor-top-section elementor-element elementor-element-489b0c8 elementor-section-boxed elementor-section-height-default elementor-section-height-default\" data-id=\"489b0c8\" data-element_type=\"section\">\n\t\t\t\t\t\t<div class=\"elementor-container elementor-column-gap-default\">\n\t\t\t\t\t\t\t<div class=\"elementor-row\">\n\t\t\t\t\t<div class=\"elementor-column elementor-col-50 elementor-top-column elementor-element elementor-element-fd8ea72\" data-id=\"fd8ea72\" data-element_type=\"column\">\n\t\t\t<div class=\"elementor-column-wrap elementor-element-populated\">\n\t\t\t\t\t\t\t<div class=\"elementor-widget-wrap\">\n\t\t\t\t\t\t<div class=\"elementor-element elementor-element-ec4ae08 elementor-widget elementor-widget-image\" data-id=\"ec4ae08\" data-element_type=\"widget\" data-widget_type=\"image.default\">\n\t\t\t\t<div class=\"elementor-widget-container\">\n\t\t\t\t\t\t\t\t<div class=\"elementor-image\">\n\t\t\t\t\t\t\t\t\t\t\t\t<img loading=\"lazy\" decoding=\"async\" width=\"325\" height=\"433\" src=\"https:\/\/www.touraine-montgolfiere.fr\/wp-content\/uploads\/2022\/05\/Thierry-Chef-pilote-France-Montgolfieres.jpg\" class=\"attachment-large size-large\" alt=\"\" srcset=\"https:\/\/www.touraine-montgolfiere.fr\/wp-content\/uploads\/2022\/05\/Thierry-Chef-pilote-France-Montgolfieres.jpg 325w, https:\/\/www.touraine-montgolfiere.fr\/wp-content\/uploads\/2022\/05\/Thierry-Chef-pilote-France-Montgolfieres-225x300.jpg 225w\" sizes=\"auto, (max-width: 325px) 100vw, 325px\" \/>\t\t\t\t\t\t\t\t\t\t\t\t\t\t<\/div>\n\t\t\t\t\t\t<\/div>\n\t\t\t\t<\/div>\n\t\t\t\t\t\t<\/div>\n\t\t\t\t\t<\/div>\n\t\t<\/div>\n\t\t\t\t<div class=\"elementor-column elementor-col-50 elementor-top-column elementor-element elementor-element-c07b16e\" data-id=\"c07b16e\" data-element_type=\"column\">\n\t\t\t<div class=\"elementor-column-wrap elementor-element-populated\">\n\t\t\t\t\t\t\t<div class=\"elementor-widget-wrap\">\n\t\t\t\t\t\t<div class=\"elementor-element elementor-element-05b2867 elementor-widget elementor-widget-text-editor\" data-id=\"05b2867\" data-element_type=\"widget\" data-widget_type=\"text-editor.default\">\n\t\t\t\t<div class=\"elementor-widget-container\">\n\t\t\t\t\t\t\t\t<div class=\"elementor-text-editor elementor-clearfix\">\n\t\t\t\t<p><\/p><h2>Thierry<\/h2><p>Desde 1999, Thierry ha atravesado \u00c1frica en globo antes de unirse a Francia. Piloto jefe en France Montgolfi\u00e8res durante 10 a\u00f1os y a cargo de la base de Val de Loire, Thierry se uni\u00f3 a Touraine Montgolfi\u00e8re en 2022. Con 3000 horas de vuelo y 26 a\u00f1os como capit\u00e1n, tiene una amplia experiencia en el transporte comercial.<\/p><p><\/p>\t\t\t\t\t<\/div>\n\t\t\t\t\t\t<\/div>\n\t\t\t\t<\/div>\n\t\t\t\t\t\t<\/div>\n\t\t\t\t\t<\/div>\n\t\t<\/div>\n\t\t\t\t\t\t\t\t<\/div>\n\t\t\t\t\t<\/div>\n\t\t<\/section>\n\t\t\t\t<section class=\"elementor-section elementor-top-section elementor-element elementor-element-65431ea elementor-section-boxed elementor-section-height-default elementor-section-height-default\" data-id=\"65431ea\" data-element_type=\"section\">\n\t\t\t\t\t\t<div class=\"elementor-container elementor-column-gap-default\">\n\t\t\t\t\t\t\t<div class=\"elementor-row\">\n\t\t\t\t\t<div class=\"elementor-column elementor-col-33 elementor-top-column elementor-element elementor-element-7292a10\" data-id=\"7292a10\" data-element_type=\"column\">\n\t\t\t<div class=\"elementor-column-wrap elementor-element-populated\">\n\t\t\t\t\t\t\t<div class=\"elementor-widget-wrap\">\n\t\t\t\t\t\t<div class=\"elementor-element elementor-element-af62b97 elementor-widget elementor-widget-text-editor\" data-id=\"af62b97\" data-element_type=\"widget\" data-widget_type=\"text-editor.default\">\n\t\t\t\t<div class=\"elementor-widget-container\">\n\t\t\t\t\t\t\t\t<div class=\"elementor-text-editor elementor-clearfix\">\n\t\t\t\t<p><\/p>\n<h2>Elodie<\/h2>\n<p>La m\u00e1s joven de nuestras pilotos, fue entrenada por Dominique. Actualmente es codirectora de la empresa. Lleva 15 a\u00f1os pilotando globos peque\u00f1os. Tiene un total de 500 horas como capit\u00e1n.<\/p>\n<p><\/p>\t\t\t\t\t<\/div>\n\t\t\t\t\t\t<\/div>\n\t\t\t\t<\/div>\n\t\t\t\t\t\t<\/div>\n\t\t\t\t\t<\/div>\n\t\t<\/div>\n\t\t\t\t<div class=\"elementor-column elementor-col-33 elementor-top-column elementor-element elementor-element-98d9108\" data-id=\"98d9108\" data-element_type=\"column\">\n\t\t\t<div class=\"elementor-column-wrap\">\n\t\t\t\t\t\t\t<div class=\"elementor-widget-wrap\">\n\t\t\t\t\t\t\t\t<\/div>\n\t\t\t\t\t<\/div>\n\t\t<\/div>\n\t\t\t\t<div class=\"elementor-column elementor-col-33 elementor-top-column elementor-element elementor-element-a432bb2\" data-id=\"a432bb2\" data-element_type=\"column\">\n\t\t\t<div class=\"elementor-column-wrap elementor-element-populated\">\n\t\t\t\t\t\t\t<div class=\"elementor-widget-wrap\">\n\t\t\t\t\t\t<div class=\"elementor-element elementor-element-c3bf71f elementor-widget elementor-widget-image\" data-id=\"c3bf71f\" data-element_type=\"widget\" data-widget_type=\"image.default\">\n\t\t\t\t<div class=\"elementor-widget-container\">\n\t\t\t\t\t\t\t\t<div class=\"elementor-image\">\n\t\t\t\t\t\t\t\t\t\t\t\t<img loading=\"lazy\" decoding=\"async\" width=\"1639\" height=\"2127\" src=\"https:\/\/www.touraine-montgolfiere.fr\/wp-content\/uploads\/2025\/04\/Elodie-pilote-montgolfiere.jpg\" class=\"attachment-full size-full\" alt=\"\" srcset=\"https:\/\/www.touraine-montgolfiere.fr\/wp-content\/uploads\/2025\/04\/Elodie-pilote-montgolfiere.jpg 1639w, https:\/\/www.touraine-montgolfiere.fr\/wp-content\/uploads\/2025\/04\/Elodie-pilote-montgolfiere-231x300.jpg 231w, https:\/\/www.touraine-montgolfiere.fr\/wp-content\/uploads\/2025\/04\/Elodie-pilote-montgolfiere-789x1024.jpg 789w, https:\/\/www.touraine-montgolfiere.fr\/wp-content\/uploads\/2025\/04\/Elodie-pilote-montgolfiere-768x997.jpg 768w, https:\/\/www.touraine-montgolfiere.fr\/wp-content\/uploads\/2025\/04\/Elodie-pilote-montgolfiere-1184x1536.jpg 1184w, https:\/\/www.touraine-montgolfiere.fr\/wp-content\/uploads\/2025\/04\/Elodie-pilote-montgolfiere-1578x2048.jpg 1578w, https:\/\/www.touraine-montgolfiere.fr\/wp-content\/uploads\/2025\/04\/Elodie-pilote-montgolfiere-500x649.jpg 500w, https:\/\/www.touraine-montgolfiere.fr\/wp-content\/uploads\/2025\/04\/Elodie-pilote-montgolfiere-800x1038.jpg 800w, https:\/\/www.touraine-montgolfiere.fr\/wp-content\/uploads\/2025\/04\/Elodie-pilote-montgolfiere-1280x1661.jpg 1280w\" sizes=\"auto, (max-width: 1639px) 100vw, 1639px\" \/>\t\t\t\t\t\t\t\t\t\t\t\t\t\t<\/div>\n\t\t\t\t\t\t<\/div>\n\t\t\t\t<\/div>\n\t\t\t\t\t\t<\/div>\n\t\t\t\t\t<\/div>\n\t\t<\/div>\n\t\t\t\t\t\t\t\t<\/div>\n\t\t\t\t\t<\/div>\n\t\t<\/section>\n\t\t\t\t<section class=\"elementor-section elementor-top-section elementor-element elementor-element-b8bb8d2 elementor-section-boxed elementor-section-height-default elementor-section-height-default\" data-id=\"b8bb8d2\" data-element_type=\"section\">\n\t\t\t\t\t\t<div class=\"elementor-container elementor-column-gap-default\">\n\t\t\t\t\t\t\t<div class=\"elementor-row\">\n\t\t\t\t\t<div class=\"elementor-column elementor-col-33 elementor-top-column elementor-element elementor-element-684cd08\" data-id=\"684cd08\" data-element_type=\"column\">\n\t\t\t<div class=\"elementor-column-wrap elementor-element-populated\">\n\t\t\t\t\t\t\t<div class=\"elementor-widget-wrap\">\n\t\t\t\t\t\t<div class=\"elementor-element elementor-element-80cdc72 elementor-widget elementor-widget-image\" data-id=\"80cdc72\" data-element_type=\"widget\" data-widget_type=\"image.default\">\n\t\t\t\t<div class=\"elementor-widget-container\">\n\t\t\t\t\t\t\t\t<div class=\"elementor-image\">\n\t\t\t\t\t\t\t\t\t\t\t\t<img loading=\"lazy\" decoding=\"async\" width=\"305\" height=\"305\" src=\"https:\/\/www.touraine-montgolfiere.fr\/wp-content\/uploads\/2019\/05\/pilote-dominique-touraine-montgolfiere.jpg\" class=\"attachment-large size-large\" alt=\"pilote montgolfi\u00e8re\" srcset=\"https:\/\/www.touraine-montgolfiere.fr\/wp-content\/uploads\/2019\/05\/pilote-dominique-touraine-montgolfiere.jpg 305w, https:\/\/www.touraine-montgolfiere.fr\/wp-content\/uploads\/2019\/05\/pilote-dominique-touraine-montgolfiere-300x300.jpg 300w, https:\/\/www.touraine-montgolfiere.fr\/wp-content\/uploads\/2019\/05\/pilote-dominique-touraine-montgolfiere-150x150.jpg 150w, https:\/\/www.touraine-montgolfiere.fr\/wp-content\/uploads\/2019\/05\/pilote-dominique-touraine-montgolfiere-100x100.jpg 100w\" sizes=\"auto, (max-width: 305px) 100vw, 305px\" \/>\t\t\t\t\t\t\t\t\t\t\t\t\t\t<\/div>\n\t\t\t\t\t\t<\/div>\n\t\t\t\t<\/div>\n\t\t\t\t\t\t<\/div>\n\t\t\t\t\t<\/div>\n\t\t<\/div>\n\t\t\t\t<div class=\"elementor-column elementor-col-33 elementor-top-column elementor-element elementor-element-f9868d7\" data-id=\"f9868d7\" data-element_type=\"column\">\n\t\t\t<div class=\"elementor-column-wrap\">\n\t\t\t\t\t\t\t<div class=\"elementor-widget-wrap\">\n\t\t\t\t\t\t\t\t<\/div>\n\t\t\t\t\t<\/div>\n\t\t<\/div>\n\t\t\t\t<div class=\"elementor-column elementor-col-33 elementor-top-column elementor-element elementor-element-dfa8f73\" data-id=\"dfa8f73\" data-element_type=\"column\">\n\t\t\t<div class=\"elementor-column-wrap elementor-element-populated\">\n\t\t\t\t\t\t\t<div class=\"elementor-widget-wrap\">\n\t\t\t\t\t\t<div class=\"elementor-element elementor-element-6dd0e9e elementor-widget elementor-widget-text-editor\" data-id=\"6dd0e9e\" data-element_type=\"widget\" data-widget_type=\"text-editor.default\">\n\t\t\t\t<div class=\"elementor-widget-container\">\n\t\t\t\t\t\t\t\t<div class=\"elementor-text-editor elementor-clearfix\">\n\t\t\t\t<p><\/p><h2>Dominique<\/h2><p>Despu\u00e9s de 27 a\u00f1os de servicio en el Ej\u00e9rcito del Aire, como piloto de combate, Dominique se tom\u00f3 de pasi\u00f3n por los globos aerost\u00e1tico.<br \/>Puso en el servicio del transporte a\u00e9reo en globo, toda experiencia adquirida como piloto y Oficial directivo de la seguridad de los vuelos en el Ej\u00e9rcito del Aire.<br \/>Particip\u00f3 de modo activo, en relaci\u00f3n con la Aviaci\u00f3n civil, en la elaboraci\u00f3n de los textos oficiales que reglamentaban el transporte a\u00e9reo en globo.<br \/>Su experiencia permiti\u00f3 a Touraine Montgolfi\u00e8re \u00ae hacerse r\u00e1pidamente una referencia en materia de seguridad y en materia de organizaci\u00f3n de los vuelos en el mundo del a\u00e9rostation.<br \/>Totaliza 6500 horas de vuelos y 45 a\u00f1os en comandante de a bordo.<br \/>La \u00bb medalla de la aeron\u00e1utica \u00ab, m\u00e1s alta distinciones del mundo a\u00e9reo, le ha sido concedida por el Ministerio de la Defensa en 1996.<br \/><\/p>\t\t\t\t\t<\/div>\n\t\t\t\t\t\t<\/div>\n\t\t\t\t<\/div>\n\t\t\t\t\t\t<\/div>\n\t\t\t\t\t<\/div>\n\t\t<\/div>\n\t\t\t\t\t\t\t\t<\/div>\n\t\t\t\t\t<\/div>\n\t\t<\/section>\n\t\t\t\t\t\t\t\t\t<\/div>\n\t\t\t<\/div>\n\t\t\t\t\t<\/div>\n\t\t","protected":false},"excerpt":{"rendered":"<p>Del cokpit a la barquilla&#8230; Franck Patentado pilota de planeador a la edad de 17 a\u00f1os, Franck integra luego la Escuela de Pilotaje del Ej\u00e9rcito del Aire. Efect\u00faa primeramente a la formaci\u00f3n de piloto de combate luego prosigue, en la vida civil, como piloto de trabajo a\u00e9reo para Klaus Ohlmann, especialista del vuelo planeador extremo [&hellip;]<\/p>\n","protected":false},"author":3,"featured_media":0,"parent":22,"menu_order":0,"comment_status":"closed","ping_status":"closed","template":"","meta":{"_vp_format_video_url":"","_vp_image_focal_point":[],"footnotes":""},"class_list":["post-132","page","type-page","status-publish","hentry"],"yoast_head":"<!-- This site is optimized with the Yoast SEO plugin v24.9 - https:\/\/yoast.com\/wordpress\/plugins\/seo\/ -->\n<title>El equipo Touraine Montgolfi\u00e8re - Vol en montgolfi\u00e8re survol des Ch\u00e2teaux de la Loire | Touraine Montgolfi\u00e8re<\/title>\n<meta name=\"robots\" content=\"index, follow, max-snippet:-1, max-image-preview:large, max-video-preview:-1\" \/>\n<link rel=\"canonical\" href=\"https:\/\/www.touraine-montgolfiere.fr\/la-compagnie\/equipe-nos-pilotes\/\" \/>\n<meta property=\"og:locale\" content=\"es_ES\" \/>\n<meta property=\"og:type\" content=\"article\" \/>\n<meta property=\"og:title\" content=\"El equipo Touraine Montgolfi\u00e8re - Vol en montgolfi\u00e8re survol des Ch\u00e2teaux de la Loire | Touraine Montgolfi\u00e8re\" \/>\n<meta property=\"og:description\" content=\"Del cokpit a la barquilla&#8230; Franck Patentado pilota de planeador a la edad de 17 a\u00f1os, Franck integra luego la Escuela de Pilotaje del Ej\u00e9rcito del Aire. Efect\u00faa primeramente a la formaci\u00f3n de piloto de combate luego prosigue, en la vida civil, como piloto de trabajo a\u00e9reo para Klaus Ohlmann, especialista del vuelo planeador extremo [&hellip;]\" \/>\n<meta property=\"og:url\" content=\"https:\/\/www.touraine-montgolfiere.fr\/la-compagnie\/equipe-nos-pilotes\/\" \/>\n<meta property=\"og:site_name\" content=\"Vol en montgolfi\u00e8re survol des Ch\u00e2teaux de la Loire | Touraine Montgolfi\u00e8re\" \/>\n<meta property=\"article:modified_time\" content=\"2025-04-30T10:25:04+00:00\" \/>\n<meta property=\"og:image\" content=\"https:\/\/www.touraine-montgolfiere.fr\/wp-content\/uploads\/2019\/05\/equipe-touraine-montgolfiere.jpg\" \/>\n<meta name=\"twitter:card\" content=\"summary_large_image\" \/>\n<meta name=\"twitter:label1\" content=\"Tiempo de lectura\" \/>\n\t<meta name=\"twitter:data1\" content=\"7 minutos\" \/>\n<script type=\"application\/ld+json\" class=\"yoast-schema-graph\">{\"@context\":\"https:\/\/schema.org\",\"@graph\":[{\"@type\":\"WebPage\",\"@id\":\"https:\/\/www.touraine-montgolfiere.fr\/la-compagnie\/equipe-nos-pilotes\/\",\"url\":\"https:\/\/www.touraine-montgolfiere.fr\/la-compagnie\/equipe-nos-pilotes\/\",\"name\":\"El equipo Touraine Montgolfi\u00e8re - Vol en montgolfi\u00e8re survol des Ch\u00e2teaux de la Loire | Touraine Montgolfi\u00e8re\",\"isPartOf\":{\"@id\":\"https:\/\/www.touraine-montgolfiere.fr\/#website\"},\"primaryImageOfPage\":{\"@id\":\"https:\/\/www.touraine-montgolfiere.fr\/la-compagnie\/equipe-nos-pilotes\/#primaryimage\"},\"image\":{\"@id\":\"https:\/\/www.touraine-montgolfiere.fr\/la-compagnie\/equipe-nos-pilotes\/#primaryimage\"},\"thumbnailUrl\":\"https:\/\/www.touraine-montgolfiere.fr\/wp-content\/uploads\/2019\/05\/equipe-touraine-montgolfiere.jpg\",\"datePublished\":\"2019-05-02T13:25:13+00:00\",\"dateModified\":\"2025-04-30T10:25:04+00:00\",\"breadcrumb\":{\"@id\":\"https:\/\/www.touraine-montgolfiere.fr\/la-compagnie\/equipe-nos-pilotes\/#breadcrumb\"},\"inLanguage\":\"es\",\"potentialAction\":[{\"@type\":\"ReadAction\",\"target\":[\"https:\/\/www.touraine-montgolfiere.fr\/la-compagnie\/equipe-nos-pilotes\/\"]}]},{\"@type\":\"ImageObject\",\"inLanguage\":\"es\",\"@id\":\"https:\/\/www.touraine-montgolfiere.fr\/la-compagnie\/equipe-nos-pilotes\/#primaryimage\",\"url\":\"https:\/\/www.touraine-montgolfiere.fr\/wp-content\/uploads\/2019\/05\/equipe-touraine-montgolfiere.jpg\",\"contentUrl\":\"https:\/\/www.touraine-montgolfiere.fr\/wp-content\/uploads\/2019\/05\/equipe-touraine-montgolfiere.jpg\"},{\"@type\":\"BreadcrumbList\",\"@id\":\"https:\/\/www.touraine-montgolfiere.fr\/la-compagnie\/equipe-nos-pilotes\/#breadcrumb\",\"itemListElement\":[{\"@type\":\"ListItem\",\"position\":1,\"name\":\"Accueil\",\"item\":\"https:\/\/www.touraine-montgolfiere.fr\/\"},{\"@type\":\"ListItem\",\"position\":2,\"name\":\"[:fr]La Compagnie[:en]The Compagny[:es]La Empresa[:]\",\"item\":\"https:\/\/www.touraine-montgolfiere.fr\/la-compagnie\/\"},{\"@type\":\"ListItem\",\"position\":3,\"name\":\"[:fr]L&rsquo;\u00e9quipe Touraine Montgolfi\u00e8re[:en]The Touraine Montgolfiere&rsquo;s crew [:es]El equipo Touraine Montgolfi\u00e8re[:]\"}]},{\"@type\":\"WebSite\",\"@id\":\"https:\/\/www.touraine-montgolfiere.fr\/#website\",\"url\":\"https:\/\/www.touraine-montgolfiere.fr\/\",\"name\":\"Vol en montgolfi\u00e8re survol des Ch\u00e2teaux de la Loire | Touraine Montgolfi\u00e8re\",\"description\":\"Vol en montgofi\u00e8re au dessus des ch\u00e2teaux de la Loire\",\"potentialAction\":[{\"@type\":\"SearchAction\",\"target\":{\"@type\":\"EntryPoint\",\"urlTemplate\":\"https:\/\/www.touraine-montgolfiere.fr\/?s={search_term_string}\"},\"query-input\":{\"@type\":\"PropertyValueSpecification\",\"valueRequired\":true,\"valueName\":\"search_term_string\"}}],\"inLanguage\":\"es\"}]}<\/script>\n<!-- \/ Yoast SEO plugin. -->","yoast_head_json":{"title":"El equipo Touraine Montgolfi\u00e8re - Vol en montgolfi\u00e8re survol des Ch\u00e2teaux de la Loire | Touraine Montgolfi\u00e8re","robots":{"index":"index","follow":"follow","max-snippet":"max-snippet:-1","max-image-preview":"max-image-preview:large","max-video-preview":"max-video-preview:-1"},"canonical":"https:\/\/www.touraine-montgolfiere.fr\/la-compagnie\/equipe-nos-pilotes\/","og_locale":"es_ES","og_type":"article","og_title":"El equipo Touraine Montgolfi\u00e8re - Vol en montgolfi\u00e8re survol des Ch\u00e2teaux de la Loire | Touraine Montgolfi\u00e8re","og_description":"Del cokpit a la barquilla&#8230; Franck Patentado pilota de planeador a la edad de 17 a\u00f1os, Franck integra luego la Escuela de Pilotaje del Ej\u00e9rcito del Aire. Efect\u00faa primeramente a la formaci\u00f3n de piloto de combate luego prosigue, en la vida civil, como piloto de trabajo a\u00e9reo para Klaus Ohlmann, especialista del vuelo planeador extremo [&hellip;]","og_url":"https:\/\/www.touraine-montgolfiere.fr\/la-compagnie\/equipe-nos-pilotes\/","og_site_name":"Vol en montgolfi\u00e8re survol des Ch\u00e2teaux de la Loire | Touraine Montgolfi\u00e8re","article_modified_time":"2025-04-30T10:25:04+00:00","og_image":[{"url":"https:\/\/www.touraine-montgolfiere.fr\/wp-content\/uploads\/2019\/05\/equipe-touraine-montgolfiere.jpg","type":"","width":"","height":""}],"twitter_card":"summary_large_image","twitter_misc":{"Tiempo de lectura":"7 minutos"},"schema":{"@context":"https:\/\/schema.org","@graph":[{"@type":"WebPage","@id":"https:\/\/www.touraine-montgolfiere.fr\/la-compagnie\/equipe-nos-pilotes\/","url":"https:\/\/www.touraine-montgolfiere.fr\/la-compagnie\/equipe-nos-pilotes\/","name":"El equipo Touraine Montgolfi\u00e8re - Vol en montgolfi\u00e8re survol des Ch\u00e2teaux de la Loire | Touraine Montgolfi\u00e8re","isPartOf":{"@id":"https:\/\/www.touraine-montgolfiere.fr\/#website"},"primaryImageOfPage":{"@id":"https:\/\/www.touraine-montgolfiere.fr\/la-compagnie\/equipe-nos-pilotes\/#primaryimage"},"image":{"@id":"https:\/\/www.touraine-montgolfiere.fr\/la-compagnie\/equipe-nos-pilotes\/#primaryimage"},"thumbnailUrl":"https:\/\/www.touraine-montgolfiere.fr\/wp-content\/uploads\/2019\/05\/equipe-touraine-montgolfiere.jpg","datePublished":"2019-05-02T13:25:13+00:00","dateModified":"2025-04-30T10:25:04+00:00","breadcrumb":{"@id":"https:\/\/www.touraine-montgolfiere.fr\/la-compagnie\/equipe-nos-pilotes\/#breadcrumb"},"inLanguage":"es","potentialAction":[{"@type":"ReadAction","target":["https:\/\/www.touraine-montgolfiere.fr\/la-compagnie\/equipe-nos-pilotes\/"]}]},{"@type":"ImageObject","inLanguage":"es","@id":"https:\/\/www.touraine-montgolfiere.fr\/la-compagnie\/equipe-nos-pilotes\/#primaryimage","url":"https:\/\/www.touraine-montgolfiere.fr\/wp-content\/uploads\/2019\/05\/equipe-touraine-montgolfiere.jpg","contentUrl":"https:\/\/www.touraine-montgolfiere.fr\/wp-content\/uploads\/2019\/05\/equipe-touraine-montgolfiere.jpg"},{"@type":"BreadcrumbList","@id":"https:\/\/www.touraine-montgolfiere.fr\/la-compagnie\/equipe-nos-pilotes\/#breadcrumb","itemListElement":[{"@type":"ListItem","position":1,"name":"Accueil","item":"https:\/\/www.touraine-montgolfiere.fr\/"},{"@type":"ListItem","position":2,"name":"[:fr]La Compagnie[:en]The Compagny[:es]La Empresa[:]","item":"https:\/\/www.touraine-montgolfiere.fr\/la-compagnie\/"},{"@type":"ListItem","position":3,"name":"[:fr]L&rsquo;\u00e9quipe Touraine Montgolfi\u00e8re[:en]The Touraine Montgolfiere&rsquo;s crew [:es]El equipo Touraine Montgolfi\u00e8re[:]"}]},{"@type":"WebSite","@id":"https:\/\/www.touraine-montgolfiere.fr\/#website","url":"https:\/\/www.touraine-montgolfiere.fr\/","name":"Vol en montgolfi\u00e8re survol des Ch\u00e2teaux de la Loire | Touraine Montgolfi\u00e8re","description":"Vol en montgofi\u00e8re au dessus des ch\u00e2teaux de la Loire","potentialAction":[{"@type":"SearchAction","target":{"@type":"EntryPoint","urlTemplate":"https:\/\/www.touraine-montgolfiere.fr\/?s={search_term_string}"},"query-input":{"@type":"PropertyValueSpecification","valueRequired":true,"valueName":"search_term_string"}}],"inLanguage":"es"}]}},"_links":{"self":[{"href":"https:\/\/www.touraine-montgolfiere.fr\/es\/wp-json\/wp\/v2\/pages\/132","targetHints":{"allow":["GET"]}}],"collection":[{"href":"https:\/\/www.touraine-montgolfiere.fr\/es\/wp-json\/wp\/v2\/pages"}],"about":[{"href":"https:\/\/www.touraine-montgolfiere.fr\/es\/wp-json\/wp\/v2\/types\/page"}],"author":[{"embeddable":true,"href":"https:\/\/www.touraine-montgolfiere.fr\/es\/wp-json\/wp\/v2\/users\/3"}],"replies":[{"embeddable":true,"href":"https:\/\/www.touraine-montgolfiere.fr\/es\/wp-json\/wp\/v2\/comments?post=132"}],"version-history":[{"count":47,"href":"https:\/\/www.touraine-montgolfiere.fr\/es\/wp-json\/wp\/v2\/pages\/132\/revisions"}],"predecessor-version":[{"id":3030,"href":"https:\/\/www.touraine-montgolfiere.fr\/es\/wp-json\/wp\/v2\/pages\/132\/revisions\/3030"}],"up":[{"embeddable":true,"href":"https:\/\/www.touraine-montgolfiere.fr\/es\/wp-json\/wp\/v2\/pages\/22"}],"wp:attachment":[{"href":"https:\/\/www.touraine-montgolfiere.fr\/es\/wp-json\/wp\/v2\/media?parent=132"}],"curies":[{"name":"wp","href":"https:\/\/api.w.org\/{rel}","templated":true}]}}